{"id":2128,"date":"2017-09-22T09:53:11","date_gmt":"2017-09-22T08:53:11","guid":{"rendered":"http:\/\/delanouearchi.fr\/?page_id=2128"},"modified":"2017-09-22T10:51:10","modified_gmt":"2017-09-22T09:51:10","slug":"bondy-conception","status":"publish","type":"page","link":"https:\/\/delanouearchi.fr\/index.php\/bondy-conception\/","title":{"rendered":"bondy-conception"},"content":{"rendered":"<p style=\"text-align: center;\"><a  class=\"pixcode  pixcode--btn  btn  kiko-projets\" href=\"http:\/\/delanouearchi.fr\/index.php\/frontpage\/projets\/\" ><i class=\"pixcode  pixcode--icon  icon-th    small  \"><\/i> Projets<\/a>\n<i class=\"pixcode  pixcode--icon  icon-e-info-circled    medium  \"><\/i>\u00a0<strong>Description<\/strong><\/p>\n<p>Ici, nous avons voulu lier \u00e0 l\u2019image de l\u2019\u00e9cole, celle d\u2019une ascension, symbolisant l\u2019\u00e9l\u00e9vation qu\u2019apporte la connaissance. Le b\u00e2timent est ainsi compos\u00e9 qu\u2019il semble suivre la voie, dans un mouvement linaire, puis, vers l&rsquo;entr\u00e9e, s\u2019\u00e9lever vers le ciel, en spirale. C&rsquo;est une analogie de la chapelle de la Sapienza (la sagesse) de Francesco Boromini,\u00a0 \u00e0 Rome.<\/p>\n<p>L\u2019\u00e9cole d\u00e9fini son cadre. Align\u00e9e sans trop de rigueur le long des voies, elle marque l\u2019espace et valorise la rue. Le hall \u00e0 l\u2019angle, impose son statut d\u2019\u00e9quipement public sur un environnement encore chaotique. Au sud, elle ouvre ses cours sur un vaste espace libre sous lequel sont implant\u00e9s deux bassins de r\u00e9tention.<\/p>\n<p>La simplicit\u00e9 et la clart\u00e9 caract\u00e9risent l\u2019organisation g\u00e9n\u00e9rale de cette \u00e9cole.<\/p>\n<p>Le hall d\u2019entr\u00e9e, commun aux deux \u00e9coles, irrigue ce b\u00e2timent par des circulations spacieuses con\u00e7ues en fonction des cheminements des enfants, de leurs ma\u00eetres et de leurs parents.<\/p>\n<p>L\u2019\u00e9cole maternelle forme un ensemble compact, totalement isol\u00e9 du reste de l\u2019\u00e9tablissement, pr\u00e9servant ainsi la s\u00e9curit\u00e9 des petits et facilitant le travail de leurs ma\u00eetresses.<\/p>\n<p>L\u2019\u00e9cole \u00e9l\u00e9mentaire occupe l\u2019\u00e9tage, elle est accessible par deux larges escaliers, l\u2019un depuis le hall, l\u2019autre directement depuis la cour de r\u00e9cr\u00e9ation. Les volumes des classes profitent des toitures inclin\u00e9es, dont le d\u00e9calage permet une illumination naturelle sur les deux faces.<\/p>\n<p>Les locaux du centre de loisir bordent le hall.\u00a0La demi-pension occupe l\u2019extr\u00e9mit\u00e9 ouest du rez-de-chauss\u00e9e du b\u00e2timent.<\/p>\n<p>Bien que formant un ensemble, les deux cours de r\u00e9cr\u00e9ations sont clairement diff\u00e9renci\u00e9es. Elles s\u2019ouvrent\u00a0 au sud. Un rideaux d\u2019arbres \u00e0 feuilles caduques leur apportera, \u00e0 la belle saison, une ombre agr\u00e9able.<\/p>\n<hr \/>\n<p class=\"small\"><div class=\"pixcode  pixcode--grid  grid  \">\n\n<p class=\"small\"><div class=\"grid__item lap-four-twelfths\">\n\n<p class=\"small\"><strong>Programme :<\/strong><br \/>\nGroupe scolaire primaire<br \/>\nEcole \u00e9l\u00e9mentaire, \u00e9cole maternelle et centre de loisir.<br \/>\nRestauration, logement de fonction.<\/p>\n<p class=\"small\">\n<\/div>\n\n<p class=\"small\"><div class=\"grid__item lap-four-twelfths\">\n\n<p class=\"small\"><strong>Ma\u00eetre d&rsquo;ouvrage :<\/strong><br \/>\nmaitre d&rsquo;ouvrage : Ville de Bondy (93)<br \/>\nSHON Totale : 2 555 m\u00b2<br \/>\nMontant des travaux : 4 600 000 \u20ac HT<\/p>\n<p class=\"small\">\n<\/div>\n\n<p class=\"small\"><div class=\"grid__item lap-four-twelfths\">\n\n<p class=\"small\"><strong>Ma\u00eetrise d&rsquo;\u0153uvre :<\/strong><br \/>\nArchitecte Mandataire : Renaud de La Noue<br \/>\nArchitecte associ\u00e9 : Ricardo Porro<br \/>\nBET : BETCI- TOHIER<br \/>\nAcousticien : ACV<\/p>\n<p class=\"small\">\n<\/div>\n\n<p class=\"small\">\n<\/div>\n\n","protected":false},"excerpt":{"rendered":"<p>\u00a0Description Ici, nous avons voulu lier \u00e0 l\u2019image de l\u2019\u00e9cole, celle d\u2019une ascension, symbolisant l\u2019\u00e9l\u00e9vation qu\u2019apporte la connaissance. Le b\u00e2timent est ainsi compos\u00e9 qu\u2019il semble suivre la voie, dans un mouvement linaire, puis, vers l&rsquo;entr\u00e9e, s\u2019\u00e9lever vers le ciel, en spirale. C&rsquo;est une analogie de la chapelle de la Sapienza (la sagesse) de Francesco Boromini,\u00a0..<\/p>\n","protected":false},"author":1,"featured_media":0,"parent":0,"menu_order":0,"comment_status":"closed","ping_status":"closed","template":"","meta":[],"_links":{"self":[{"href":"https:\/\/delanouearchi.fr\/index.php\/wp-json\/wp\/v2\/pages\/2128"}],"collection":[{"href":"https:\/\/delanouearchi.fr\/index.php\/wp-json\/wp\/v2\/pages"}],"about":[{"href":"https:\/\/delanouearchi.fr\/index.php\/wp-json\/wp\/v2\/types\/page"}],"author":[{"embeddable":true,"href":"https:\/\/delanouearchi.fr\/index.php\/wp-json\/wp\/v2\/users\/1"}],"replies":[{"embeddable":true,"href":"https:\/\/delanouearchi.fr\/index.php\/wp-json\/wp\/v2\/comments?post=2128"}],"version-history":[{"count":2,"href":"https:\/\/delanouearchi.fr\/index.php\/wp-json\/wp\/v2\/pages\/2128\/revisions"}],"predecessor-version":[{"id":2131,"href":"https:\/\/delanouearchi.fr\/index.php\/wp-json\/wp\/v2\/pages\/2128\/revisions\/2131"}],"wp:attachment":[{"href":"https:\/\/delanouearchi.fr\/index.php\/wp-json\/wp\/v2\/media?parent=2128"}],"curies":[{"name":"wp","href":"https:\/\/api.w.org\/{rel}","templated":true}]}}